{"id":1007,"date":"2024-06-06T14:54:52","date_gmt":"2024-06-06T12:54:52","guid":{"rendered":"https:\/\/placedesfleurs.net\/realisation\/marais\/"},"modified":"2024-10-15T10:34:22","modified_gmt":"2024-10-15T08:34:22","slug":"marais","status":"publish","type":"portfolio_page","link":"http:\/\/placedesfleurs.net\/en\/realisation\/marais\/","title":{"rendered":"Terrasse au c\u0153ur du Marais, une invitation \u00e0 la d\u00e9tente"},"content":{"rendered":"<div class=\"wpb-content-wrapper\"><p>[vc_row css_animation=&#8221;&#8221; row_type=&#8221;row&#8221; use_row_as_full_screen_section=&#8221;no&#8221; type=&#8221;grid&#8221; angled_section=&#8221;no&#8221; text_align=&#8221;left&#8221; background_image_as_pattern=&#8221;without_pattern&#8221; css=&#8221;.vc_custom_1728390714721{background-color: #F6F6F6 !important;}&#8221; z_index=&#8221;&#8221;][vc_column][vc_column_text css=&#8221;&#8221;]<strong>PARIS<\/strong><\/p>\n<p>In the heart of the Marais district, nothing is missing on this small terrace. The alternation of wooden screens allows privacy to be preserved without cutting into the space too much, and the arches which connect one side to the other serve as a support for the Trachelospernum jasmionoides, whose fragrant flowers perfume the entire space. The spaces are designed to be functional and user-friendly. We want to settle down.[\/vc_column_text][\/vc_column][\/vc_row][vc_row css_animation=&#8221;&#8221; row_type=&#8221;row&#8221; use_row_as_full_screen_section=&#8221;no&#8221; type=&#8221;full_width&#8221; angled_section=&#8221;no&#8221; text_align=&#8221;left&#8221; background_image_as_pattern=&#8221;without_pattern&#8221; z_index=&#8221;&#8221; css=&#8221;.vc_custom_1727168571424{background-color: #F6F6F6 !important;border-color: #EEEEEE !important;}&#8221;][vc_column][vc_empty_space height=&#8221;60px&#8221;]<div class=\"qode-advanced-image-gallery  qode-aig-masonry-type qode-medium-space  qode-image-behavior-lightbox \">\n\t<div class=\"qode-aig-inner qode-outer-space qode-aig-masonry qode-aig-four-columns\">\n\t\t<div class=\"qode-aig-grid-sizer\"><\/div>\n\t\t<div class=\"qode-aig-grid-gutter\"><\/div>\n\t\t\t\t\t\t\t\t<div class=\"qode-aig-image qode-item-space qode-aig-default-masonry-item\">\n\t\t\t\t<div class=\"qode-aig-image-inner\">\n\t\t\t\t\t\t\t\t\t\t\t<a itemprop=\"image\" class=\"qode-aig-lightbox\" href=\"http:\/\/placedesfleurs.net\/wp-content\/uploads\/2024\/06\/Terrasse-au-coeur-du-marais.png\" data-rel=\"prettyPhoto[image_gallery_pretty_photo-140]\" title=\"Terrasse au coeur du marais\">\n\t\t\t\t\t\t\t\t\t\t\t\t\t<img loading=\"lazy\" decoding=\"async\" width=\"1000\" height=\"1501\" src=\"http:\/\/placedesfleurs.net\/wp-content\/uploads\/2024\/06\/Terrasse-au-coeur-du-marais.png\" class=\"attachment-full size-full\" alt=\"\" srcset=\"http:\/\/placedesfleurs.net\/wp-content\/uploads\/2024\/06\/Terrasse-au-coeur-du-marais.png 1000w, http:\/\/placedesfleurs.net\/wp-content\/uploads\/2024\/06\/Terrasse-au-coeur-du-marais-200x300.png 200w, http:\/\/placedesfleurs.net\/wp-content\/uploads\/2024\/06\/Terrasse-au-coeur-du-marais-682x1024.png 682w, http:\/\/placedesfleurs.net\/wp-content\/uploads\/2024\/06\/Terrasse-au-coeur-du-marais-768x1153.png 768w, http:\/\/placedesfleurs.net\/wp-content\/uploads\/2024\/06\/Terrasse-au-coeur-du-marais-700x1051.png 700w\" sizes=\"auto, (max-width: 1000px) 100vw, 1000px\" \/>\t\t\t\t\t\t<span class=\"aig-gallery-hover\">\n\t\t\t\t\t\t\t\t\t\t\t\t\t<\/span>\n\t\t\t\t\t\t\t\t\t\t\t<\/a>\n\t\t\t\t\t\t\t\t\t<\/div>\n\t\t\t<\/div>\n\t\t\t\t\t\t\t\t\t\t\t<div class=\"qode-aig-image qode-item-space qode-aig-default-masonry-item\">\n\t\t\t\t<div class=\"qode-aig-image-inner\">\n\t\t\t\t\t\t\t\t\t\t\t<a itemprop=\"image\" class=\"qode-aig-lightbox\" href=\"http:\/\/placedesfleurs.net\/wp-content\/uploads\/2024\/06\/Terrasse-au-coeur-du-marais1.png\" data-rel=\"prettyPhoto[image_gallery_pretty_photo-140]\" title=\"Terrasse au coeur du marais1\">\n\t\t\t\t\t\t\t\t\t\t\t\t\t<img loading=\"lazy\" decoding=\"async\" width=\"1000\" height=\"1501\" src=\"http:\/\/placedesfleurs.net\/wp-content\/uploads\/2024\/06\/Terrasse-au-coeur-du-marais1.png\" class=\"attachment-full size-full\" alt=\"\" srcset=\"http:\/\/placedesfleurs.net\/wp-content\/uploads\/2024\/06\/Terrasse-au-coeur-du-marais1.png 1000w, http:\/\/placedesfleurs.net\/wp-content\/uploads\/2024\/06\/Terrasse-au-coeur-du-marais1-200x300.png 200w, http:\/\/placedesfleurs.net\/wp-content\/uploads\/2024\/06\/Terrasse-au-coeur-du-marais1-682x1024.png 682w, http:\/\/placedesfleurs.net\/wp-content\/uploads\/2024\/06\/Terrasse-au-coeur-du-marais1-768x1153.png 768w, http:\/\/placedesfleurs.net\/wp-content\/uploads\/2024\/06\/Terrasse-au-coeur-du-marais1-700x1051.png 700w\" sizes=\"auto, (max-width: 1000px) 100vw, 1000px\" \/>\t\t\t\t\t\t<span class=\"aig-gallery-hover\">\n\t\t\t\t\t\t\t\t\t\t\t\t\t<\/span>\n\t\t\t\t\t\t\t\t\t\t\t<\/a>\n\t\t\t\t\t\t\t\t\t<\/div>\n\t\t\t<\/div>\n\t\t\t\t\t\t\t\t\t\t\t<div class=\"qode-aig-image qode-item-space qode-aig-default-masonry-item\">\n\t\t\t\t<div class=\"qode-aig-image-inner\">\n\t\t\t\t\t\t\t\t\t\t\t<a itemprop=\"image\" class=\"qode-aig-lightbox\" href=\"http:\/\/placedesfleurs.net\/wp-content\/uploads\/2024\/06\/Terrasse-au-coeur-du-marais2.png\" data-rel=\"prettyPhoto[image_gallery_pretty_photo-140]\" title=\"Terrasse au coeur du marais2\">\n\t\t\t\t\t\t\t\t\t\t\t\t\t<img loading=\"lazy\" decoding=\"async\" width=\"1000\" height=\"1501\" src=\"http:\/\/placedesfleurs.net\/wp-content\/uploads\/2024\/06\/Terrasse-au-coeur-du-marais2.png\" class=\"attachment-full size-full\" alt=\"\" srcset=\"http:\/\/placedesfleurs.net\/wp-content\/uploads\/2024\/06\/Terrasse-au-coeur-du-marais2.png 1000w, http:\/\/placedesfleurs.net\/wp-content\/uploads\/2024\/06\/Terrasse-au-coeur-du-marais2-200x300.png 200w, http:\/\/placedesfleurs.net\/wp-content\/uploads\/2024\/06\/Terrasse-au-coeur-du-marais2-682x1024.png 682w, http:\/\/placedesfleurs.net\/wp-content\/uploads\/2024\/06\/Terrasse-au-coeur-du-marais2-768x1153.png 768w, http:\/\/placedesfleurs.net\/wp-content\/uploads\/2024\/06\/Terrasse-au-coeur-du-marais2-700x1051.png 700w\" sizes=\"auto, (max-width: 1000px) 100vw, 1000px\" \/>\t\t\t\t\t\t<span class=\"aig-gallery-hover\">\n\t\t\t\t\t\t\t\t\t\t\t\t\t<\/span>\n\t\t\t\t\t\t\t\t\t\t\t<\/a>\n\t\t\t\t\t\t\t\t\t<\/div>\n\t\t\t<\/div>\n\t\t\t\t\t\t\t\t\t\t\t<div class=\"qode-aig-image qode-item-space qode-aig-default-masonry-item\">\n\t\t\t\t<div class=\"qode-aig-image-inner\">\n\t\t\t\t\t\t\t\t\t\t\t<a itemprop=\"image\" class=\"qode-aig-lightbox\" href=\"http:\/\/placedesfleurs.net\/wp-content\/uploads\/2024\/06\/Terrasse-au-coeur-du-marais3.png\" data-rel=\"prettyPhoto[image_gallery_pretty_photo-140]\" title=\"Terrasse au coeur du marais3\">\n\t\t\t\t\t\t\t\t\t\t\t\t\t<img loading=\"lazy\" decoding=\"async\" width=\"1000\" height=\"1501\" src=\"http:\/\/placedesfleurs.net\/wp-content\/uploads\/2024\/06\/Terrasse-au-coeur-du-marais3.png\" class=\"attachment-full size-full\" alt=\"\" srcset=\"http:\/\/placedesfleurs.net\/wp-content\/uploads\/2024\/06\/Terrasse-au-coeur-du-marais3.png 1000w, http:\/\/placedesfleurs.net\/wp-content\/uploads\/2024\/06\/Terrasse-au-coeur-du-marais3-200x300.png 200w, http:\/\/placedesfleurs.net\/wp-content\/uploads\/2024\/06\/Terrasse-au-coeur-du-marais3-682x1024.png 682w, http:\/\/placedesfleurs.net\/wp-content\/uploads\/2024\/06\/Terrasse-au-coeur-du-marais3-768x1153.png 768w, http:\/\/placedesfleurs.net\/wp-content\/uploads\/2024\/06\/Terrasse-au-coeur-du-marais3-700x1051.png 700w\" sizes=\"auto, (max-width: 1000px) 100vw, 1000px\" \/>\t\t\t\t\t\t<span class=\"aig-gallery-hover\">\n\t\t\t\t\t\t\t\t\t\t\t\t\t<\/span>\n\t\t\t\t\t\t\t\t\t\t\t<\/a>\n\t\t\t\t\t\t\t\t\t<\/div>\n\t\t\t<\/div>\n\t\t\t\t\t\t\t\t\t\t\t<div class=\"qode-aig-image qode-item-space qode-aig-default-masonry-item\">\n\t\t\t\t<div class=\"qode-aig-image-inner\">\n\t\t\t\t\t\t\t\t\t\t\t<a itemprop=\"image\" class=\"qode-aig-lightbox\" href=\"http:\/\/placedesfleurs.net\/wp-content\/uploads\/2024\/06\/Terrasse-au-coeur-du-marais4.png\" data-rel=\"prettyPhoto[image_gallery_pretty_photo-140]\" title=\"Terrasse au coeur du marais4\">\n\t\t\t\t\t\t\t\t\t\t\t\t\t<img loading=\"lazy\" decoding=\"async\" width=\"1000\" height=\"1501\" src=\"http:\/\/placedesfleurs.net\/wp-content\/uploads\/2024\/06\/Terrasse-au-coeur-du-marais4.png\" class=\"attachment-full size-full\" alt=\"\" srcset=\"http:\/\/placedesfleurs.net\/wp-content\/uploads\/2024\/06\/Terrasse-au-coeur-du-marais4.png 1000w, http:\/\/placedesfleurs.net\/wp-content\/uploads\/2024\/06\/Terrasse-au-coeur-du-marais4-200x300.png 200w, http:\/\/placedesfleurs.net\/wp-content\/uploads\/2024\/06\/Terrasse-au-coeur-du-marais4-682x1024.png 682w, http:\/\/placedesfleurs.net\/wp-content\/uploads\/2024\/06\/Terrasse-au-coeur-du-marais4-768x1153.png 768w, http:\/\/placedesfleurs.net\/wp-content\/uploads\/2024\/06\/Terrasse-au-coeur-du-marais4-700x1051.png 700w\" sizes=\"auto, (max-width: 1000px) 100vw, 1000px\" \/>\t\t\t\t\t\t<span class=\"aig-gallery-hover\">\n\t\t\t\t\t\t\t\t\t\t\t\t\t<\/span>\n\t\t\t\t\t\t\t\t\t\t\t<\/a>\n\t\t\t\t\t\t\t\t\t<\/div>\n\t\t\t<\/div>\n\t\t\t\t\t\t\t\t\t\t\t<div class=\"qode-aig-image qode-item-space qode-aig-default-masonry-item\">\n\t\t\t\t<div class=\"qode-aig-image-inner\">\n\t\t\t\t\t\t\t\t\t\t\t<a itemprop=\"image\" class=\"qode-aig-lightbox\" href=\"http:\/\/placedesfleurs.net\/wp-content\/uploads\/2024\/06\/Terrasse-au-coeur-du-marais5.png\" data-rel=\"prettyPhoto[image_gallery_pretty_photo-140]\" title=\"Terrasse au coeur du marais5\">\n\t\t\t\t\t\t\t\t\t\t\t\t\t<img loading=\"lazy\" decoding=\"async\" width=\"1000\" height=\"1333\" src=\"http:\/\/placedesfleurs.net\/wp-content\/uploads\/2024\/06\/Terrasse-au-coeur-du-marais5.png\" class=\"attachment-full size-full\" alt=\"\" srcset=\"http:\/\/placedesfleurs.net\/wp-content\/uploads\/2024\/06\/Terrasse-au-coeur-du-marais5.png 1000w, http:\/\/placedesfleurs.net\/wp-content\/uploads\/2024\/06\/Terrasse-au-coeur-du-marais5-225x300.png 225w, http:\/\/placedesfleurs.net\/wp-content\/uploads\/2024\/06\/Terrasse-au-coeur-du-marais5-768x1024.png 768w, http:\/\/placedesfleurs.net\/wp-content\/uploads\/2024\/06\/Terrasse-au-coeur-du-marais5-600x800.png 600w, http:\/\/placedesfleurs.net\/wp-content\/uploads\/2024\/06\/Terrasse-au-coeur-du-marais5-700x933.png 700w\" sizes=\"auto, (max-width: 1000px) 100vw, 1000px\" \/>\t\t\t\t\t\t<span class=\"aig-gallery-hover\">\n\t\t\t\t\t\t\t\t\t\t\t\t\t<\/span>\n\t\t\t\t\t\t\t\t\t\t\t<\/a>\n\t\t\t\t\t\t\t\t\t<\/div>\n\t\t\t<\/div>\n\t\t\t\t\t\t\t\t\t\t\t<div class=\"qode-aig-image qode-item-space qode-aig-default-masonry-item\">\n\t\t\t\t<div class=\"qode-aig-image-inner\">\n\t\t\t\t\t\t\t\t\t\t\t<a itemprop=\"image\" class=\"qode-aig-lightbox\" href=\"http:\/\/placedesfleurs.net\/wp-content\/uploads\/2024\/06\/Terrasse-au-coeur-du-marais6.png\" data-rel=\"prettyPhoto[image_gallery_pretty_photo-140]\" title=\"Terrasse au coeur du marais6\">\n\t\t\t\t\t\t\t\t\t\t\t\t\t<img loading=\"lazy\" decoding=\"async\" width=\"1000\" height=\"1333\" src=\"http:\/\/placedesfleurs.net\/wp-content\/uploads\/2024\/06\/Terrasse-au-coeur-du-marais6.png\" class=\"attachment-full size-full\" alt=\"\" srcset=\"http:\/\/placedesfleurs.net\/wp-content\/uploads\/2024\/06\/Terrasse-au-coeur-du-marais6.png 1000w, http:\/\/placedesfleurs.net\/wp-content\/uploads\/2024\/06\/Terrasse-au-coeur-du-marais6-225x300.png 225w, http:\/\/placedesfleurs.net\/wp-content\/uploads\/2024\/06\/Terrasse-au-coeur-du-marais6-768x1024.png 768w, http:\/\/placedesfleurs.net\/wp-content\/uploads\/2024\/06\/Terrasse-au-coeur-du-marais6-600x800.png 600w, http:\/\/placedesfleurs.net\/wp-content\/uploads\/2024\/06\/Terrasse-au-coeur-du-marais6-700x933.png 700w\" sizes=\"auto, (max-width: 1000px) 100vw, 1000px\" \/>\t\t\t\t\t\t<span class=\"aig-gallery-hover\">\n\t\t\t\t\t\t\t\t\t\t\t\t\t<\/span>\n\t\t\t\t\t\t\t\t\t\t\t<\/a>\n\t\t\t\t\t\t\t\t\t<\/div>\n\t\t\t<\/div>\n\t\t\t\t\t\t\t\t\t\t\t<div class=\"qode-aig-image qode-item-space qode-aig-default-masonry-item\">\n\t\t\t\t<div class=\"qode-aig-image-inner\">\n\t\t\t\t\t\t\t\t\t\t\t<a itemprop=\"image\" class=\"qode-aig-lightbox\" href=\"http:\/\/placedesfleurs.net\/wp-content\/uploads\/2024\/06\/Terrasse-au-coeur-du-marais7.png\" data-rel=\"prettyPhoto[image_gallery_pretty_photo-140]\" title=\"Terrasse au coeur du marais7\">\n\t\t\t\t\t\t\t\t\t\t\t\t\t<img loading=\"lazy\" decoding=\"async\" width=\"1000\" height=\"1333\" src=\"http:\/\/placedesfleurs.net\/wp-content\/uploads\/2024\/06\/Terrasse-au-coeur-du-marais7.png\" class=\"attachment-full size-full\" alt=\"\" srcset=\"http:\/\/placedesfleurs.net\/wp-content\/uploads\/2024\/06\/Terrasse-au-coeur-du-marais7.png 1000w, http:\/\/placedesfleurs.net\/wp-content\/uploads\/2024\/06\/Terrasse-au-coeur-du-marais7-225x300.png 225w, http:\/\/placedesfleurs.net\/wp-content\/uploads\/2024\/06\/Terrasse-au-coeur-du-marais7-768x1024.png 768w, http:\/\/placedesfleurs.net\/wp-content\/uploads\/2024\/06\/Terrasse-au-coeur-du-marais7-600x800.png 600w, http:\/\/placedesfleurs.net\/wp-content\/uploads\/2024\/06\/Terrasse-au-coeur-du-marais7-700x933.png 700w\" sizes=\"auto, (max-width: 1000px) 100vw, 1000px\" \/>\t\t\t\t\t\t<span class=\"aig-gallery-hover\">\n\t\t\t\t\t\t\t\t\t\t\t\t\t<\/span>\n\t\t\t\t\t\t\t\t\t\t\t<\/a>\n\t\t\t\t\t\t\t\t\t<\/div>\n\t\t\t<\/div>\n\t\t\t\t\t\t\t\t\t\t\t<div class=\"qode-aig-image qode-item-space qode-aig-default-masonry-item\">\n\t\t\t\t<div class=\"qode-aig-image-inner\">\n\t\t\t\t\t\t\t\t\t\t\t<a itemprop=\"image\" class=\"qode-aig-lightbox\" href=\"http:\/\/placedesfleurs.net\/wp-content\/uploads\/2024\/06\/Terrasse-au-coeur-du-marais8.png\" data-rel=\"prettyPhoto[image_gallery_pretty_photo-140]\" title=\"Terrasse au coeur du marais8\">\n\t\t\t\t\t\t\t\t\t\t\t\t\t<img loading=\"lazy\" decoding=\"async\" width=\"1000\" height=\"1333\" src=\"http:\/\/placedesfleurs.net\/wp-content\/uploads\/2024\/06\/Terrasse-au-coeur-du-marais8.png\" class=\"attachment-full size-full\" alt=\"\" srcset=\"http:\/\/placedesfleurs.net\/wp-content\/uploads\/2024\/06\/Terrasse-au-coeur-du-marais8.png 1000w, http:\/\/placedesfleurs.net\/wp-content\/uploads\/2024\/06\/Terrasse-au-coeur-du-marais8-225x300.png 225w, http:\/\/placedesfleurs.net\/wp-content\/uploads\/2024\/06\/Terrasse-au-coeur-du-marais8-768x1024.png 768w, http:\/\/placedesfleurs.net\/wp-content\/uploads\/2024\/06\/Terrasse-au-coeur-du-marais8-600x800.png 600w, http:\/\/placedesfleurs.net\/wp-content\/uploads\/2024\/06\/Terrasse-au-coeur-du-marais8-700x933.png 700w\" sizes=\"auto, (max-width: 1000px) 100vw, 1000px\" \/>\t\t\t\t\t\t<span class=\"aig-gallery-hover\">\n\t\t\t\t\t\t\t\t\t\t\t\t\t<\/span>\n\t\t\t\t\t\t\t\t\t\t\t<\/a>\n\t\t\t\t\t\t\t\t\t<\/div>\n\t\t\t<\/div>\n\t\t\t\t\t\t<\/div>\n<\/div>[\/vc_column][\/vc_row]<\/p>\n<\/div>","protected":false},"excerpt":{"rendered":"<p>[vc_row css_animation=&#8221;&#8221; row_type=&#8221;row&#8221; use_row_as_full_screen_section=&#8221;no&#8221; type=&#8221;grid&#8221; angled_section=&#8221;no&#8221; text_align=&#8221;left&#8221; background_image_as_pattern=&#8221;without_pattern&#8221; css=&#8221;.vc_custom_1728390714721{background-color: #F6F6F6 !important;}&#8221; z_index=&#8221;&#8221;][vc_column][vc_column_text css=&#8221;&#8221;]PARIS In the heart of the Marais district, nothing is missing on this small terrace. The alternation of wooden screens allows privacy to be preserved without cutting into the space too much, and&#8230;<\/p>\n","protected":false},"author":1,"featured_media":712,"menu_order":25,"comment_status":"closed","ping_status":"closed","template":"","portfolio_category":[],"portfolio_tag":[],"class_list":["post-1007","portfolio_page","type-portfolio_page","status-publish","has-post-thumbnail","hentry"],"yoast_head":"<!-- This site is optimized with the Yoast SEO plugin v27.2 - https:\/\/yoast.com\/product\/yoast-seo-wordpress\/ -->\n<title>Terrasse au c\u0153ur du Marais, une invitation \u00e0 la d\u00e9tente - Place des Fleurs<\/title>\n<meta name=\"robots\" content=\"index, follow, max-snippet:-1, max-image-preview:large, max-video-preview:-1\" \/>\n<link rel=\"canonical\" href=\"http:\/\/placedesfleurs.net\/en\/realisation\/marais\/\" \/>\n<meta property=\"og:locale\" content=\"en_US\" \/>\n<meta property=\"og:type\" content=\"article\" \/>\n<meta property=\"og:title\" content=\"Terrasse au c\u0153ur du Marais, une invitation \u00e0 la d\u00e9tente - Place des Fleurs\" \/>\n<meta property=\"og:description\" content=\"[vc_row css_animation=&#8221;&#8221; row_type=&#8221;row&#8221; use_row_as_full_screen_section=&#8221;no&#8221; type=&#8221;grid&#8221; angled_section=&#8221;no&#8221; text_align=&#8221;left&#8221; background_image_as_pattern=&#8221;without_pattern&#8221; css=&#8221;.vc_custom_1728390714721{background-color: #F6F6F6 !important;}&#8221; z_index=&#8221;&#8221;][vc_column][vc_column_text css=&#8221;&#8221;]PARIS In the heart of the Marais district, nothing is missing on this small terrace. The alternation of wooden screens allows privacy to be preserved without cutting into the space too much, and...\" \/>\n<meta property=\"og:url\" content=\"http:\/\/placedesfleurs.net\/en\/realisation\/marais\/\" \/>\n<meta property=\"og:site_name\" content=\"Place des Fleurs\" \/>\n<meta property=\"article:publisher\" content=\"https:\/\/www.facebook.com\/placedesfleurs\/?locale=fr_FR\" \/>\n<meta property=\"article:modified_time\" content=\"2024-10-15T08:34:22+00:00\" \/>\n<meta property=\"og:image\" content=\"http:\/\/placedesfleurs.net\/wp-content\/uploads\/2024\/06\/Terrasse-au-coeur-du-marais-682x1024.png\" \/>\n\t<meta property=\"og:image:width\" content=\"682\" \/>\n\t<meta property=\"og:image:height\" content=\"1024\" \/>\n\t<meta property=\"og:image:type\" content=\"image\/png\" \/>\n<meta name=\"twitter:card\" content=\"summary_large_image\" \/>\n<meta name=\"twitter:label1\" content=\"Est. reading time\" \/>\n\t<meta name=\"twitter:data1\" content=\"1 minute\" \/>\n<script type=\"application\/ld+json\" class=\"yoast-schema-graph\">{\"@context\":\"https:\/\/schema.org\",\"@graph\":[{\"@type\":\"WebPage\",\"@id\":\"http:\/\/placedesfleurs.net\/en\/realisation\/marais\/\",\"url\":\"http:\/\/placedesfleurs.net\/en\/realisation\/marais\/\",\"name\":\"Terrasse au c\u0153ur du Marais, une invitation \u00e0 la d\u00e9tente - Place des Fleurs\",\"isPartOf\":{\"@id\":\"https:\/\/placedesfleurs.net\/en\/#website\"},\"primaryImageOfPage\":{\"@id\":\"http:\/\/placedesfleurs.net\/en\/realisation\/marais\/#primaryimage\"},\"image\":{\"@id\":\"http:\/\/placedesfleurs.net\/en\/realisation\/marais\/#primaryimage\"},\"thumbnailUrl\":\"http:\/\/placedesfleurs.net\/wp-content\/uploads\/2024\/06\/Terrasse-au-coeur-du-marais.png\",\"datePublished\":\"2024-06-06T12:54:52+00:00\",\"dateModified\":\"2024-10-15T08:34:22+00:00\",\"breadcrumb\":{\"@id\":\"http:\/\/placedesfleurs.net\/en\/realisation\/marais\/#breadcrumb\"},\"inLanguage\":\"en-US\",\"potentialAction\":[{\"@type\":\"ReadAction\",\"target\":[\"http:\/\/placedesfleurs.net\/en\/realisation\/marais\/\"]}]},{\"@type\":\"ImageObject\",\"inLanguage\":\"en-US\",\"@id\":\"http:\/\/placedesfleurs.net\/en\/realisation\/marais\/#primaryimage\",\"url\":\"http:\/\/placedesfleurs.net\/wp-content\/uploads\/2024\/06\/Terrasse-au-coeur-du-marais.png\",\"contentUrl\":\"http:\/\/placedesfleurs.net\/wp-content\/uploads\/2024\/06\/Terrasse-au-coeur-du-marais.png\",\"width\":1000,\"height\":1501},{\"@type\":\"BreadcrumbList\",\"@id\":\"http:\/\/placedesfleurs.net\/en\/realisation\/marais\/#breadcrumb\",\"itemListElement\":[{\"@type\":\"ListItem\",\"position\":1,\"name\":\"Accueil\",\"item\":\"http:\/\/placedesfleurs.net\/en\/\"},{\"@type\":\"ListItem\",\"position\":2,\"name\":\"Portfolio\",\"item\":\"http:\/\/placedesfleurs.net\/en\/realisation\/\"},{\"@type\":\"ListItem\",\"position\":3,\"name\":\"Terrasse au c\u0153ur du Marais, une invitation \u00e0 la d\u00e9tente\"}]},{\"@type\":\"WebSite\",\"@id\":\"https:\/\/placedesfleurs.net\/en\/#website\",\"url\":\"https:\/\/placedesfleurs.net\/en\/\",\"name\":\"Place des Fleurs\",\"description\":\"\",\"publisher\":{\"@id\":\"https:\/\/placedesfleurs.net\/en\/#organization\"},\"potentialAction\":[{\"@type\":\"SearchAction\",\"target\":{\"@type\":\"EntryPoint\",\"urlTemplate\":\"https:\/\/placedesfleurs.net\/en\/?s={search_term_string}\"},\"query-input\":{\"@type\":\"PropertyValueSpecification\",\"valueRequired\":true,\"valueName\":\"search_term_string\"}}],\"inLanguage\":\"en-US\"},{\"@type\":\"Organization\",\"@id\":\"https:\/\/placedesfleurs.net\/en\/#organization\",\"name\":\"Place des Fleurs\",\"url\":\"https:\/\/placedesfleurs.net\/en\/\",\"logo\":{\"@type\":\"ImageObject\",\"inLanguage\":\"en-US\",\"@id\":\"https:\/\/placedesfleurs.net\/en\/#\/schema\/logo\/image\/\",\"url\":\"https:\/\/placedesfleurs.net\/wp-content\/uploads\/2024\/10\/LOGO-PDF-NEW.jpg\",\"contentUrl\":\"https:\/\/placedesfleurs.net\/wp-content\/uploads\/2024\/10\/LOGO-PDF-NEW.jpg\",\"width\":602,\"height\":579,\"caption\":\"Place des Fleurs\"},\"image\":{\"@id\":\"https:\/\/placedesfleurs.net\/en\/#\/schema\/logo\/image\/\"},\"sameAs\":[\"https:\/\/www.facebook.com\/placedesfleurs\/?locale=fr_FR\",\"https:\/\/www.instagram.com\/placedesfleurs\/\"]}]}<\/script>\n<!-- \/ Yoast SEO plugin. -->","yoast_head_json":{"title":"Terrasse au c\u0153ur du Marais, une invitation \u00e0 la d\u00e9tente - Place des Fleurs","robots":{"index":"index","follow":"follow","max-snippet":"max-snippet:-1","max-image-preview":"max-image-preview:large","max-video-preview":"max-video-preview:-1"},"canonical":"http:\/\/placedesfleurs.net\/en\/realisation\/marais\/","og_locale":"en_US","og_type":"article","og_title":"Terrasse au c\u0153ur du Marais, une invitation \u00e0 la d\u00e9tente - Place des Fleurs","og_description":"[vc_row css_animation=&#8221;&#8221; row_type=&#8221;row&#8221; use_row_as_full_screen_section=&#8221;no&#8221; type=&#8221;grid&#8221; angled_section=&#8221;no&#8221; text_align=&#8221;left&#8221; background_image_as_pattern=&#8221;without_pattern&#8221; css=&#8221;.vc_custom_1728390714721{background-color: #F6F6F6 !important;}&#8221; z_index=&#8221;&#8221;][vc_column][vc_column_text css=&#8221;&#8221;]PARIS In the heart of the Marais district, nothing is missing on this small terrace. The alternation of wooden screens allows privacy to be preserved without cutting into the space too much, and...","og_url":"http:\/\/placedesfleurs.net\/en\/realisation\/marais\/","og_site_name":"Place des Fleurs","article_publisher":"https:\/\/www.facebook.com\/placedesfleurs\/?locale=fr_FR","article_modified_time":"2024-10-15T08:34:22+00:00","og_image":[{"width":682,"height":1024,"url":"http:\/\/placedesfleurs.net\/wp-content\/uploads\/2024\/06\/Terrasse-au-coeur-du-marais-682x1024.png","type":"image\/png"}],"twitter_card":"summary_large_image","twitter_misc":{"Est. reading time":"1 minute"},"schema":{"@context":"https:\/\/schema.org","@graph":[{"@type":"WebPage","@id":"http:\/\/placedesfleurs.net\/en\/realisation\/marais\/","url":"http:\/\/placedesfleurs.net\/en\/realisation\/marais\/","name":"Terrasse au c\u0153ur du Marais, une invitation \u00e0 la d\u00e9tente - Place des Fleurs","isPartOf":{"@id":"https:\/\/placedesfleurs.net\/en\/#website"},"primaryImageOfPage":{"@id":"http:\/\/placedesfleurs.net\/en\/realisation\/marais\/#primaryimage"},"image":{"@id":"http:\/\/placedesfleurs.net\/en\/realisation\/marais\/#primaryimage"},"thumbnailUrl":"http:\/\/placedesfleurs.net\/wp-content\/uploads\/2024\/06\/Terrasse-au-coeur-du-marais.png","datePublished":"2024-06-06T12:54:52+00:00","dateModified":"2024-10-15T08:34:22+00:00","breadcrumb":{"@id":"http:\/\/placedesfleurs.net\/en\/realisation\/marais\/#breadcrumb"},"inLanguage":"en-US","potentialAction":[{"@type":"ReadAction","target":["http:\/\/placedesfleurs.net\/en\/realisation\/marais\/"]}]},{"@type":"ImageObject","inLanguage":"en-US","@id":"http:\/\/placedesfleurs.net\/en\/realisation\/marais\/#primaryimage","url":"http:\/\/placedesfleurs.net\/wp-content\/uploads\/2024\/06\/Terrasse-au-coeur-du-marais.png","contentUrl":"http:\/\/placedesfleurs.net\/wp-content\/uploads\/2024\/06\/Terrasse-au-coeur-du-marais.png","width":1000,"height":1501},{"@type":"BreadcrumbList","@id":"http:\/\/placedesfleurs.net\/en\/realisation\/marais\/#breadcrumb","itemListElement":[{"@type":"ListItem","position":1,"name":"Accueil","item":"http:\/\/placedesfleurs.net\/en\/"},{"@type":"ListItem","position":2,"name":"Portfolio","item":"http:\/\/placedesfleurs.net\/en\/realisation\/"},{"@type":"ListItem","position":3,"name":"Terrasse au c\u0153ur du Marais, une invitation \u00e0 la d\u00e9tente"}]},{"@type":"WebSite","@id":"https:\/\/placedesfleurs.net\/en\/#website","url":"https:\/\/placedesfleurs.net\/en\/","name":"Place des Fleurs","description":"","publisher":{"@id":"https:\/\/placedesfleurs.net\/en\/#organization"},"potentialAction":[{"@type":"SearchAction","target":{"@type":"EntryPoint","urlTemplate":"https:\/\/placedesfleurs.net\/en\/?s={search_term_string}"},"query-input":{"@type":"PropertyValueSpecification","valueRequired":true,"valueName":"search_term_string"}}],"inLanguage":"en-US"},{"@type":"Organization","@id":"https:\/\/placedesfleurs.net\/en\/#organization","name":"Place des Fleurs","url":"https:\/\/placedesfleurs.net\/en\/","logo":{"@type":"ImageObject","inLanguage":"en-US","@id":"https:\/\/placedesfleurs.net\/en\/#\/schema\/logo\/image\/","url":"https:\/\/placedesfleurs.net\/wp-content\/uploads\/2024\/10\/LOGO-PDF-NEW.jpg","contentUrl":"https:\/\/placedesfleurs.net\/wp-content\/uploads\/2024\/10\/LOGO-PDF-NEW.jpg","width":602,"height":579,"caption":"Place des Fleurs"},"image":{"@id":"https:\/\/placedesfleurs.net\/en\/#\/schema\/logo\/image\/"},"sameAs":["https:\/\/www.facebook.com\/placedesfleurs\/?locale=fr_FR","https:\/\/www.instagram.com\/placedesfleurs\/"]}]}},"_links":{"self":[{"href":"http:\/\/placedesfleurs.net\/en\/wp-json\/wp\/v2\/portfolio_page\/1007","targetHints":{"allow":["GET"]}}],"collection":[{"href":"http:\/\/placedesfleurs.net\/en\/wp-json\/wp\/v2\/portfolio_page"}],"about":[{"href":"http:\/\/placedesfleurs.net\/en\/wp-json\/wp\/v2\/types\/portfolio_page"}],"author":[{"embeddable":true,"href":"http:\/\/placedesfleurs.net\/en\/wp-json\/wp\/v2\/users\/1"}],"replies":[{"embeddable":true,"href":"http:\/\/placedesfleurs.net\/en\/wp-json\/wp\/v2\/comments?post=1007"}],"wp:featuredmedia":[{"embeddable":true,"href":"http:\/\/placedesfleurs.net\/en\/wp-json\/wp\/v2\/media\/712"}],"wp:attachment":[{"href":"http:\/\/placedesfleurs.net\/en\/wp-json\/wp\/v2\/media?parent=1007"}],"wp:term":[{"taxonomy":"portfolio_category","embeddable":true,"href":"http:\/\/placedesfleurs.net\/en\/wp-json\/wp\/v2\/portfolio_category?post=1007"},{"taxonomy":"portfolio_tag","embeddable":true,"href":"http:\/\/placedesfleurs.net\/en\/wp-json\/wp\/v2\/portfolio_tag?post=1007"}],"curies":[{"name":"wp","href":"https:\/\/api.w.org\/{rel}","templated":true}]}}